{"id":55,"date":"2020-04-13T13:25:33","date_gmt":"2020-04-13T11:25:33","guid":{"rendered":"http:\/\/unrp-seine-saint-denis.fr\/section\/?page_id=55"},"modified":"2021-05-11T17:41:58","modified_gmt":"2021-05-11T15:41:58","slug":"les-mutuelles","status":"publish","type":"page","link":"https:\/\/unrp-seine-saint-denis.fr\/section\/les-mutuelles\/","title":{"rendered":"LES MUTUELLES"},"content":{"rendered":"<p>&nbsp;<\/p>\n<div class=\"art-PostContent\">\n<div>\n<p style=\"text-align: center;\"><strong>UNRP MUTUELLES<\/strong><\/p>\n<p style=\"text-align: center;\"><strong>GESTION DU R\u00c9GIME OBLIGATOIRE (S\u00c9CURIT\u00c9 SOCIALE)<\/strong><\/p>\n<p style=\"text-align: center;\"><strong>ET COMPL\u00c9MENTAIRE (MUTUELLES ET AUTRES)<\/strong><\/p>\n<p style=\"text-align: center;\"><strong>POUR LES ACTIFS ET RETRAIT\u00c9S DU MINIST\u00c8RE DE L\u2019INTERIEUR<\/strong><\/p>\n<p><span style=\"font-family: arial, helvetica, sans-serif; font-size: 14pt;\"><strong>Le syst\u00e8me fran\u00e7ais de protection sociale est essentiellement constitu\u00e9 par un ensemble de r\u00e9gimes l\u00e9gaux qui sont :<\/strong><\/span><\/p>\n<p>&nbsp;<\/p>\n<ul>\n<li><span style=\"font-family: arial, helvetica, sans-serif; font-size: 14pt;\"><strong>\u2013 Le r\u00e9gime g\u00e9n\u00e9ral qui couvre la plupart des salari\u00e9s ainsi que d\u2019autres cat\u00e9gories\u00a0 (\u00e9tudiants, etc.)<img loading=\"lazy\" decoding=\"async\" class=\"alignright\" src=\"http:\/\/www.unrp.com\/wp-content\/uploads\/2015\/04\/RP-171-UNRP-MUTUELLE-G%C3%A9n%C3%A9rale1..jpg\" alt=\"RP 171 UNRP MUTUELLE G\u00e9n\u00e9rale1.\" width=\"286\" height=\"190\" \/><\/strong><\/span><\/li>\n<li><span style=\"font-family: arial, helvetica, sans-serif; font-size: 14pt;\"><strong>\u2013 Les r\u00e9gimes sp\u00e9ciaux de certains salari\u00e9s non agricoles.<\/strong><\/span><\/li>\n<li><span style=\"font-family: arial, helvetica, sans-serif; font-size: 14pt;\"><strong>\u2013 Les r\u00e9gimes autonomes de vieillesse de base compl\u00e9t\u00e9s par des r\u00e9gimes compl\u00e9mentaires obligatoires, et le r\u00e9gime de maladie des professions lib\u00e9rales et ind\u00e9pendantes non agricoles.<\/strong><\/span><\/li>\n<li><span style=\"font-family: arial, helvetica, sans-serif; font-size: 14pt;\"><strong>\u2013 Le r\u00e9gime agricole<\/strong><\/span><\/li>\n<li><span style=\"font-family: arial, helvetica, sans-serif; font-size: 14pt;\"><strong>\u2013 Le r\u00e9gime ch\u00f4mage<\/strong><\/span><\/li>\n<li><span style=\"font-family: arial, helvetica, sans-serif; font-size: 14pt;\"><strong>\u2013 Les r\u00e9gimes de retraite compl\u00e9mentaires ARRCO et AGIRC<br \/>\n<\/strong><\/span><\/li>\n<\/ul>\n<p><span style=\"font-family: arial, helvetica, sans-serif; font-size: 14pt;\"><strong>Pour ce qui est de notre Institution la Police Nationale, pour la plupart, nous relevons du r\u00e9gime sp\u00e9cial des fonctionnaires de l\u2019\u00c9tat (r\u00e9gime 230 de la SS)<\/strong><\/span><\/p>\n<p><span style=\"font-family: arial, helvetica, sans-serif; font-size: 14pt;\"><strong>En mati\u00e8re de maladie, le fonctionnaire en activit\u00e9 cumule des droits sociaux de deux natures distinctes : droits \u00e0 cong\u00e9 maladie du statut g\u00e9n\u00e9ral des fonctionnaires avec maintien total ou partiel de la r\u00e9mun\u00e9ration, d\u2019une part et droits de son r\u00e9gime sp\u00e9cial de s\u00e9curit\u00e9 sociale avec l\u2019octroi de prestations en esp\u00e8ces de s\u00e9curit\u00e9 sociale, d\u2019autre part. Dans tous les cas, ce sont les employeurs publics qui versent ces prestations en auto-assurance.<\/strong><\/span><\/p>\n<p><span style=\"font-family: arial, helvetica, sans-serif; font-size: 14pt;\"><strong>Les fonctionnaires retrait\u00e9s de la Police, comme tous les retrait\u00e9s de la fonction publique, peuvent b\u00e9n\u00e9ficier de protection sociale compl\u00e9mentaire (mutuelle) d\u00e9sign\u00e9e au niveau de chaque Minist\u00e8re qui assureront pour 7 ans la couverture sant\u00e9 et pr\u00e9voyance de l\u2019ensemble des agents (civils actifs et retrait\u00e9s de ces minist\u00e8res. Dor\u00e9navant, seul ces organismes, dits de \u00abr\u00e9f\u00e9rence\u00bb, pourront b\u00e9n\u00e9ficier d\u2019une participation financi\u00e8re de la part des employeurs publics.<\/strong><\/span><\/p>\n<p><span style=\"font-family: arial, helvetica, sans-serif; font-size: 14pt;\"><strong>L\u2019adh\u00e9sion aux organismes d\u00e9sign\u00e9s est individuelle et facultative. Il n\u2019y a en effet aucune obligation d\u2019adh\u00e9rer aux organismes r\u00e9f\u00e9renc\u00e9s.<\/strong><\/span><\/p>\n<p><span style=\"font-family: arial, helvetica, sans-serif; font-size: 14pt;\"><strong>Pour ce qui est du Minist\u00e8re de l\u2019Int\u00e9rieur, aucun organisme de r\u00e9f\u00e9rence n\u2019a encore \u00e9t\u00e9 s\u00e9lectionn\u00e9 mais cela ne saurait tarder.<\/strong><\/span><\/p>\n<p><strong>PRESTATIONS S\u00c9CURIT\u00c9 SOCIALE POUR FONCTIONNAIRE D\u2019\u00c9TAT<\/strong><\/p>\n<p><strong>Lors de l\u2019affectation dans un Minist\u00e8re, le fonctionnaire est rattach\u00e9 \u00e0 une mutuelle pour la prise en charge des prestations de base vers\u00e9es par le r\u00e9gime obligatoire d\u2019assurance maladie et cela perdure ainsi, m\u00eame apr\u00e8s le d\u00e9part \u00e0 la retraite, except\u00e9 dans le cas o\u00f9 l\u2019int\u00e9ress\u00e9 retravaille.<\/strong><\/p>\n<p><strong>Selon le Minist\u00e8re, il s\u2019agit :<\/strong><\/p>\n<ul>\n<li><strong>soit d\u2019une section locale mutualiste (SLM) ;<\/strong><\/li>\n<li><strong>soit d\u2019une agence mutualit\u00e9 fonction publique (MFPS)<\/strong><\/li>\n<\/ul>\n<p><strong>B\u00c9N\u00c9FICIAIRES<\/strong><\/p>\n<p><strong>Les personnes suivantes peuvent b\u00e9n\u00e9ficier de la qualit\u00e9 d\u2019ayant droit :<\/strong><\/p>\n<ul>\n<li><strong>\u00e9poux ou \u00e9pouse de l\u2019assur\u00e9, non divorc\u00e9, \u00e0 condition de ne pas exercer d\u2019activit\u00e9 et de ne pas relever d\u2019un r\u00e9gime obligatoire de s\u00e9curit\u00e9 sociale \u00e0 un autre titre.<\/strong><\/li>\n<li><strong>personne vivant avec l\u2019assur\u00e9 sans \u00eatre mari\u00e9 (union libre ou PACS) \u00e0 condition d\u2019\u00eatre \u00e0 sa charge effective, totale et permanente.<\/strong><\/li>\n<li><strong>les enfants sous certaines conditions.<\/strong><\/li>\n<li><strong>les ascendants, descendants \u00e0 une double condition :<\/strong><\/li>\n<\/ul>\n<p><strong>Vivre sous le toit de l\u2019assur\u00e9 et se consacrer aux travaux de m\u00e9nage et \u00e0 l\u2019\u00e9ducation d\u2019au moins 2 enfants de moins de 14 ans \u00e0 la charge de l\u2019assur\u00e9 social.<\/strong><\/p>\n<p><strong>Pour les \u00e9poux ou \u00e9pouses exer\u00e7ant une activit\u00e9 salari\u00e9e, ceux-ci seront affili\u00e9s au r\u00e9gime de s\u00e9curit\u00e9 sociale dont d\u00e9pend leur profession, le plus proche de leur domicile :<\/strong><\/p>\n<p><strong>Exemple, pour les salari\u00e9s du r\u00e9gime g\u00e9n\u00e9ral. Ceux-ci seront affili\u00e9s dans le centre de s\u00e9curit\u00e9 sociale, pr\u00e8s de leur domicile, qui transmettra \u00e9lectroniquement les donn\u00e9es \u00e0 l\u2019organisme de r\u00e9gime compl\u00e9mentaire (mutuelle) pour remboursement de la part mutuelle.<\/strong><\/p>\n<p><strong>\u2014\u2014\u2014\u2014\u2014\u2014-<\/strong><\/p>\n<p><strong>A la demande d\u2019un grand nombre de nos retrait\u00e9s, nous allons vous expliquer, ci-apr\u00e8s, comment est g\u00e9r\u00e9e la liquidation du r\u00e9gime obligatoire au sein des deux organismes mutualistes de tutelle du Minist\u00e8re de l\u2019Int\u00e9rieur \u2013 La Mutuelle g\u00e9n\u00e9rale de la Police et Int\u00e9riale<\/strong><\/p>\n<p><strong>\u2014\u2014\u2014\u2014\u2014\u2014<\/strong><\/p>\n<p><strong>MUTUELLE G\u00c9N\u00c9RALE DE LA POLICE<\/strong><\/p>\n<p><img loading=\"lazy\" decoding=\"async\" class=\"aligncenter\" src=\"http:\/\/www.unrp-sections.com\/images\/mgp.jpg\" width=\"352\" height=\"247\" \/><\/p>\n<p><span style=\"font-family: arial, helvetica, sans-serif; font-size: 14pt;\">Depuis quelques ann\u00e9es, la MGP a demand\u00e9 \u00e0 la Caisse nationale d\u2019assurance maladie de g\u00e9rer ses assur\u00e9s sociaux.<\/span><\/p>\n<p><span style=\"font-family: arial, helvetica, sans-serif; font-size: 14pt;\">La CNAM a confi\u00e9 cette mission \u00e0 la Caisse primaire d\u2019assurance maladie des Yvelines (centre 789).<\/span><\/p>\n<p><span style=\"font-family: arial, helvetica, sans-serif; font-size: 14pt;\">Tous les adh\u00e9rents sont donc rattach\u00e9s depuis quelques ann\u00e9es en RO (R\u00e9gime obligatoire) \u00e0 cette caisse qui ne traite pas directement avec les assur\u00e9s de cette mutuelle.<\/span><\/p>\n<p><span style=\"font-family: arial, helvetica, sans-serif; font-size: 14pt;\">Tous les documents sont \u00e0 envoyer \u00e0 la MGP, au si\u00e8ge de Cr\u00e9teil, 8 rue Thomas Edison, qui centralise, scann\u00e9rise, archive puis transmet \u00e0 la CPAM Yvelines.<\/span><\/p>\n<p><span style=\"font-family: arial, helvetica, sans-serif; font-size: 14pt;\">La MGP garde la gestion en \u00abback office\u00bb de tous les dossiers et m\u00eame les r\u00e9clamations concernant la partie s\u00e9curit\u00e9 sociale sont \u00e0 adresser \u00e0 la MGP.<\/span><\/p>\n<p><span style=\"font-family: arial, helvetica, sans-serif; font-size: 14pt;\">Depuis quelques ann\u00e9es, \u00abpresque\u00bb tous les assur\u00e9s sont g\u00e9r\u00e9s par le centre 789 de CPAM des Yvelines. N\u00e9anmoins, environ 30 000 adh\u00e9rents sont toujours pris en compte par la Mutualit\u00e9 Fonction Publique par l\u2019interm\u00e9diaire des sections locales interminist\u00e9rielles et la MGP a \u00e9norm\u00e9ment de probl\u00e8mes pour les r\u00e9cup\u00e9rer.<\/span><\/p>\n<p>&nbsp;<\/p>\n<p><span style=\"font-family: arial, helvetica, sans-serif; font-size: 14pt;\"><strong>INTERIALE<\/strong><\/span><\/p>\n<p><img loading=\"lazy\" decoding=\"async\" class=\"aligncenter\" src=\"http:\/\/www.unrp-sections.com\/images\/interiale.jpg\" width=\"241\" height=\"130\" \/><\/p>\n<p><span style=\"font-family: arial, helvetica, sans-serif; font-size: 14pt;\"><strong>Depuis le d\u00e9but de l\u2019ann\u00e9e 2014, Int\u00e9riale a demand\u00e9 \u00e0 la Caisse nationale d\u2019assurance maladie de g\u00e9rer progressivement tous ses assur\u00e9s sociaux.<\/strong><\/span><\/p>\n<p><span style=\"font-family: arial, helvetica, sans-serif; font-size: 14pt;\"><strong>La CNAM a confi\u00e9 cette mission \u00e0 la CAISSE Primaire d\u2019assurance maladie du Nord \u00e0 Roubaix Tourcoing. Tous les adh\u00e9rents vont \u00eatre progressivement rattach\u00e9s en RO (R\u00e9gime obligatoire) \u00e0 cette caisse qui ne traitera pas directement avec les assur\u00e9s de cette mutuelle.<\/strong><\/span><\/p>\n<p><span style=\"font-family: arial, helvetica, sans-serif; font-size: 14pt;\"><strong>Ils doivent envoyer tous leurs documents au centre de gestion Int\u00e9riale, CS 50005, 59040 Lille Cedex qui transmettra \u00e0 la CPAM Roubaix Tourcoing.<\/strong><\/span><\/p>\n<p><span style=\"font-family: arial, helvetica, sans-serif; font-size: 14pt;\"><strong>Int\u00e9riale garde la gestion \u00abback office\u00bb de tous les dossiers et les r\u00e9clamations concernant la partie s\u00e9curit\u00e9 sociale sont \u00e0 adresser \u00e0 Int\u00e9riale.<\/strong><\/span><\/p>\n<p><span style=\"font-family: arial, helvetica, sans-serif; font-size: 14pt;\"><strong>L\u2019Assurance Maladie <\/strong><strong>G\u00c9N\u00c9RALIT\u00c9S<\/strong><\/span><\/p>\n<p><img loading=\"lazy\" decoding=\"async\" class=\"aligncenter\" src=\"http:\/\/www.unrp-sections.com\/images\/assurance-maladie.jpg\" width=\"309\" height=\"175\" \/><\/p>\n<p>&nbsp;<\/p>\n<p><span style=\"font-family: arial, helvetica, sans-serif; font-size: 14pt;\">Pour ces deux mutuelles, en aucun cas, l\u2019assur\u00e9 social ne choisit la caisse qui va traiter son dossier car la gestion est nationale.<\/span><\/p>\n<p><span style=\"font-family: arial, helvetica, sans-serif; font-size: 14pt;\">Pour l\u2019instant, les d\u00e9comptes s\u00e9curit\u00e9 sociale et mutuelle ne sont pas uniques mais diff\u00e9renci\u00e9s tout en sachant que la CPAM n\u2019envoie les d\u00e9comptes \u00e0 chaque assur\u00e9 que tous les 126 jours.<\/span><\/p>\n<p><span style=\"font-family: arial, helvetica, sans-serif; font-size: 14pt;\">Pour faciliter et raccourcir les d\u00e9lais de remboursement des adh\u00e9rents des deux mutuelles, la mise en place d\u2019un d\u00e9compte RO + RC (r\u00e9gime obligatoire + r\u00e9gime compl\u00e9mentaire) serait souhaitable mais, a priori, difficile techniquement.<\/span><\/p>\n<p><span style=\"font-family: arial, helvetica, sans-serif; font-size: 14pt;\">De plus, il est bon de rappeler que les professionnels de sant\u00e9 ont re\u00e7u des subventions de l\u2019assurance maladie pour s\u2019\u00e9quiper en mat\u00e9riel informatique permettant la gestion \u00e9lectronique de la carte vitale et que toute forme d\u2019utilisation de la feuille de soins papier doit \u00eatre exceptionnelle.<\/span><\/p>\n<p><span style=\"font-family: arial, helvetica, sans-serif; font-size: 14pt;\"><strong>CNAM<\/strong> : Caisse Nationale d\u2019Assurance Maladie<\/span><\/p>\n<p><span style=\"font-family: arial, helvetica, sans-serif; font-size: 14pt;\"><strong>CPAM<\/strong> : Caisse Primaire de s\u00e9curit\u00e9 sociale.<\/span><\/p>\n<p><span style=\"font-family: arial, helvetica, sans-serif; font-size: 14pt;\"><strong>RO <\/strong>: R\u00e9gime obligatoire de la s\u00e9curit\u00e9 sociale.<\/span><\/p>\n<p><span style=\"font-family: arial, helvetica, sans-serif; font-size: 14pt;\"><strong>RC<\/strong> : R\u00e9gime compl\u00e9mentaire des Mutuelles ou assurances.<\/span><\/p>\n<p style=\"text-align: right;\"><span style=\"font-family: arial, helvetica, sans-serif; font-size: 14pt;\">Le Pr\u00e9sident,<\/span><\/p>\n<p style=\"text-align: right;\"><span style=\"font-family: arial, helvetica, sans-serif; font-size: 14pt;\">Philippe MOU\u00cb,<\/span><\/p>\n<p>&nbsp;<\/p>\n<\/div>\n<\/div>\n","protected":false},"excerpt":{"rendered":"<p>&nbsp; UNRP MUTUELLES GESTION DU R\u00c9GIME OBLIGATOIRE (S\u00c9CURIT\u00c9 SOCIALE) ET COMPL\u00c9MENTAIRE (MUTUELLES ET AUTRES) POUR LES ACTIFS ET RETRAIT\u00c9S DU MINIST\u00c8RE DE L\u2019INTERIEUR Le syst\u00e8me&#46;&#46;&#46;<\/p>\n","protected":false},"author":1,"featured_media":0,"parent":0,"menu_order":3,"comment_status":"closed","ping_status":"closed","template":"","meta":{"footnotes":""},"class_list":["post-55","page","type-page","status-publish","hentry"],"yoast_head":"<!-- This site is optimized with the Yoast SEO plugin v22.9 - https:\/\/yoast.com\/wordpress\/plugins\/seo\/ -->\n<title>LES MUTUELLES - Site de la Seine Saint-Denis<\/title>\n<meta name=\"robots\" content=\"index, follow, max-snippet:-1, max-image-preview:large, max-video-preview:-1\" \/>\n<link rel=\"canonical\" href=\"https:\/\/unrp-seine-saint-denis.fr\/section\/les-mutuelles\/\" \/>\n<meta property=\"og:locale\" content=\"fr_FR\" \/>\n<meta property=\"og:type\" content=\"article\" \/>\n<meta property=\"og:title\" content=\"LES MUTUELLES - Site de la Seine Saint-Denis\" \/>\n<meta property=\"og:description\" content=\"&nbsp; UNRP MUTUELLES GESTION DU R\u00c9GIME OBLIGATOIRE (S\u00c9CURIT\u00c9 SOCIALE) ET COMPL\u00c9MENTAIRE (MUTUELLES ET AUTRES) POUR LES ACTIFS ET RETRAIT\u00c9S DU MINIST\u00c8RE DE L\u2019INTERIEUR Le syst\u00e8me&#046;&#046;&#046;\" \/>\n<meta property=\"og:url\" content=\"https:\/\/unrp-seine-saint-denis.fr\/section\/les-mutuelles\/\" \/>\n<meta property=\"og:site_name\" content=\"Site de la Seine Saint-Denis\" \/>\n<meta property=\"article:modified_time\" content=\"2021-05-11T15:41:58+00:00\" \/>\n<meta property=\"og:image\" content=\"http:\/\/www.unrp.com\/wp-content\/uploads\/2015\/04\/RP-171-UNRP-MUTUELLE-G%C3%A9n%C3%A9rale1..jpg\" \/>\n<meta name=\"twitter:card\" content=\"summary_large_image\" \/>\n<meta name=\"twitter:label1\" content=\"Dur\u00e9e de lecture estim\u00e9e\" \/>\n\t<meta name=\"twitter:data1\" content=\"6 minutes\" \/>\n<script type=\"application\/ld+json\" class=\"yoast-schema-graph\">{\"@context\":\"https:\/\/schema.org\",\"@graph\":[{\"@type\":\"WebPage\",\"@id\":\"https:\/\/unrp-seine-saint-denis.fr\/section\/les-mutuelles\/\",\"url\":\"https:\/\/unrp-seine-saint-denis.fr\/section\/les-mutuelles\/\",\"name\":\"LES MUTUELLES - Site de la Seine Saint-Denis\",\"isPartOf\":{\"@id\":\"https:\/\/unrp-seine-saint-denis.fr\/section\/#website\"},\"primaryImageOfPage\":{\"@id\":\"https:\/\/unrp-seine-saint-denis.fr\/section\/les-mutuelles\/#primaryimage\"},\"image\":{\"@id\":\"https:\/\/unrp-seine-saint-denis.fr\/section\/les-mutuelles\/#primaryimage\"},\"thumbnailUrl\":\"http:\/\/www.unrp.com\/wp-content\/uploads\/2015\/04\/RP-171-UNRP-MUTUELLE-G%C3%A9n%C3%A9rale1..jpg\",\"datePublished\":\"2020-04-13T11:25:33+00:00\",\"dateModified\":\"2021-05-11T15:41:58+00:00\",\"breadcrumb\":{\"@id\":\"https:\/\/unrp-seine-saint-denis.fr\/section\/les-mutuelles\/#breadcrumb\"},\"inLanguage\":\"fr-FR\",\"potentialAction\":[{\"@type\":\"ReadAction\",\"target\":[\"https:\/\/unrp-seine-saint-denis.fr\/section\/les-mutuelles\/\"]}]},{\"@type\":\"ImageObject\",\"inLanguage\":\"fr-FR\",\"@id\":\"https:\/\/unrp-seine-saint-denis.fr\/section\/les-mutuelles\/#primaryimage\",\"url\":\"http:\/\/www.unrp.com\/wp-content\/uploads\/2015\/04\/RP-171-UNRP-MUTUELLE-G%C3%A9n%C3%A9rale1..jpg\",\"contentUrl\":\"http:\/\/www.unrp.com\/wp-content\/uploads\/2015\/04\/RP-171-UNRP-MUTUELLE-G%C3%A9n%C3%A9rale1..jpg\"},{\"@type\":\"BreadcrumbList\",\"@id\":\"https:\/\/unrp-seine-saint-denis.fr\/section\/les-mutuelles\/#breadcrumb\",\"itemListElement\":[{\"@type\":\"ListItem\",\"position\":1,\"name\":\"Accueil\",\"item\":\"https:\/\/unrp-seine-saint-denis.fr\/section\/\"},{\"@type\":\"ListItem\",\"position\":2,\"name\":\"LES MUTUELLES\"}]},{\"@type\":\"WebSite\",\"@id\":\"https:\/\/unrp-seine-saint-denis.fr\/section\/#website\",\"url\":\"https:\/\/unrp-seine-saint-denis.fr\/section\/\",\"name\":\"Site de la Seine Saint-Denis\",\"description\":\"Toujours plus haut, toujours plus fort.\",\"potentialAction\":[{\"@type\":\"SearchAction\",\"target\":{\"@type\":\"EntryPoint\",\"urlTemplate\":\"https:\/\/unrp-seine-saint-denis.fr\/section\/?s={search_term_string}\"},\"query-input\":\"required name=search_term_string\"}],\"inLanguage\":\"fr-FR\"}]}<\/script>\n<!-- \/ Yoast SEO plugin. -->","yoast_head_json":{"title":"LES MUTUELLES - Site de la Seine Saint-Denis","robots":{"index":"index","follow":"follow","max-snippet":"max-snippet:-1","max-image-preview":"max-image-preview:large","max-video-preview":"max-video-preview:-1"},"canonical":"https:\/\/unrp-seine-saint-denis.fr\/section\/les-mutuelles\/","og_locale":"fr_FR","og_type":"article","og_title":"LES MUTUELLES - Site de la Seine Saint-Denis","og_description":"&nbsp; UNRP MUTUELLES GESTION DU R\u00c9GIME OBLIGATOIRE (S\u00c9CURIT\u00c9 SOCIALE) ET COMPL\u00c9MENTAIRE (MUTUELLES ET AUTRES) POUR LES ACTIFS ET RETRAIT\u00c9S DU MINIST\u00c8RE DE L\u2019INTERIEUR Le syst\u00e8me&#46;&#46;&#46;","og_url":"https:\/\/unrp-seine-saint-denis.fr\/section\/les-mutuelles\/","og_site_name":"Site de la Seine Saint-Denis","article_modified_time":"2021-05-11T15:41:58+00:00","og_image":[{"url":"http:\/\/www.unrp.com\/wp-content\/uploads\/2015\/04\/RP-171-UNRP-MUTUELLE-G%C3%A9n%C3%A9rale1..jpg"}],"twitter_card":"summary_large_image","twitter_misc":{"Dur\u00e9e de lecture estim\u00e9e":"6 minutes"},"schema":{"@context":"https:\/\/schema.org","@graph":[{"@type":"WebPage","@id":"https:\/\/unrp-seine-saint-denis.fr\/section\/les-mutuelles\/","url":"https:\/\/unrp-seine-saint-denis.fr\/section\/les-mutuelles\/","name":"LES MUTUELLES - Site de la Seine Saint-Denis","isPartOf":{"@id":"https:\/\/unrp-seine-saint-denis.fr\/section\/#website"},"primaryImageOfPage":{"@id":"https:\/\/unrp-seine-saint-denis.fr\/section\/les-mutuelles\/#primaryimage"},"image":{"@id":"https:\/\/unrp-seine-saint-denis.fr\/section\/les-mutuelles\/#primaryimage"},"thumbnailUrl":"http:\/\/www.unrp.com\/wp-content\/uploads\/2015\/04\/RP-171-UNRP-MUTUELLE-G%C3%A9n%C3%A9rale1..jpg","datePublished":"2020-04-13T11:25:33+00:00","dateModified":"2021-05-11T15:41:58+00:00","breadcrumb":{"@id":"https:\/\/unrp-seine-saint-denis.fr\/section\/les-mutuelles\/#breadcrumb"},"inLanguage":"fr-FR","potentialAction":[{"@type":"ReadAction","target":["https:\/\/unrp-seine-saint-denis.fr\/section\/les-mutuelles\/"]}]},{"@type":"ImageObject","inLanguage":"fr-FR","@id":"https:\/\/unrp-seine-saint-denis.fr\/section\/les-mutuelles\/#primaryimage","url":"http:\/\/www.unrp.com\/wp-content\/uploads\/2015\/04\/RP-171-UNRP-MUTUELLE-G%C3%A9n%C3%A9rale1..jpg","contentUrl":"http:\/\/www.unrp.com\/wp-content\/uploads\/2015\/04\/RP-171-UNRP-MUTUELLE-G%C3%A9n%C3%A9rale1..jpg"},{"@type":"BreadcrumbList","@id":"https:\/\/unrp-seine-saint-denis.fr\/section\/les-mutuelles\/#breadcrumb","itemListElement":[{"@type":"ListItem","position":1,"name":"Accueil","item":"https:\/\/unrp-seine-saint-denis.fr\/section\/"},{"@type":"ListItem","position":2,"name":"LES MUTUELLES"}]},{"@type":"WebSite","@id":"https:\/\/unrp-seine-saint-denis.fr\/section\/#website","url":"https:\/\/unrp-seine-saint-denis.fr\/section\/","name":"Site de la Seine Saint-Denis","description":"Toujours plus haut, toujours plus fort.","potentialAction":[{"@type":"SearchAction","target":{"@type":"EntryPoint","urlTemplate":"https:\/\/unrp-seine-saint-denis.fr\/section\/?s={search_term_string}"},"query-input":"required name=search_term_string"}],"inLanguage":"fr-FR"}]}},"_links":{"self":[{"href":"https:\/\/unrp-seine-saint-denis.fr\/section\/wp-json\/wp\/v2\/pages\/55","targetHints":{"allow":["GET"]}}],"collection":[{"href":"https:\/\/unrp-seine-saint-denis.fr\/section\/wp-json\/wp\/v2\/pages"}],"about":[{"href":"https:\/\/unrp-seine-saint-denis.fr\/section\/wp-json\/wp\/v2\/types\/page"}],"author":[{"embeddable":true,"href":"https:\/\/unrp-seine-saint-denis.fr\/section\/wp-json\/wp\/v2\/users\/1"}],"replies":[{"embeddable":true,"href":"https:\/\/unrp-seine-saint-denis.fr\/section\/wp-json\/wp\/v2\/comments?post=55"}],"version-history":[{"count":5,"href":"https:\/\/unrp-seine-saint-denis.fr\/section\/wp-json\/wp\/v2\/pages\/55\/revisions"}],"predecessor-version":[{"id":346,"href":"https:\/\/unrp-seine-saint-denis.fr\/section\/wp-json\/wp\/v2\/pages\/55\/revisions\/346"}],"wp:attachment":[{"href":"https:\/\/unrp-seine-saint-denis.fr\/section\/wp-json\/wp\/v2\/media?parent=55"}],"curies":[{"name":"wp","href":"https:\/\/api.w.org\/{rel}","templated":true}]}}