{"id":64,"date":"2020-04-13T13:50:41","date_gmt":"2020-04-13T11:50:41","guid":{"rendered":"http:\/\/unrp-seine-saint-denis.fr\/section\/?page_id=64"},"modified":"2021-05-11T17:42:55","modified_gmt":"2021-05-11T15:42:55","slug":"partenaires","status":"publish","type":"page","link":"https:\/\/unrp-seine-saint-denis.fr\/section\/partenaires\/","title":{"rendered":"PARTENAIRES"},"content":{"rendered":"<div class=\"entry-content clearfix\">\n<form id=\"273870408\" action=\"http:\/\/www.unrp.com\/unrp\/partenaire\/RAEAAG_Hh7BmRGN1aUVWQ1NTBwA\" method=\"POST\" name=\"PARTENAIRE\" target=\"_self\"><strong>A.N.A.S. Association Nationale d\u2019Action Sociale<\/strong><strong>18 Quai de Polangis<a href=\"http:\/\/www.unrp.com\/wp-content\/uploads\/2013\/10\/LOGO-ANAS.jpg\"><img loading=\"lazy\" decoding=\"async\" class=\" wp-image-6523 alignright\" src=\"http:\/\/www.unrp.com\/wp-content\/uploads\/2013\/10\/LOGO-ANAS.jpg\" alt=\"\" width=\"151\" height=\"66\" \/><\/a><\/strong><br \/>\n<strong>BP 81<\/strong><br \/>\n<strong>94340 \u00a0JOINVILLE -LE-PONT CEDEX<\/strong><br \/>\n<strong>Tel.\u00a001 48 86 37 81<\/strong><br \/>\n<strong>Fax 01 48 86 10 89 \u00a0 \u00a0 \u00a0\u00a0<a href=\"mailto:contact@anas.asso.fr\">contact@anas.asso.fr<\/a>\u00a0\u00a0\u00a0\u00a0\u00a0<a href=\"http:\/\/www.anas.asso.fr\/\" target=\"_blank\" rel=\"noopener noreferrer\">www.anas.asso.fr<\/a><em><br \/>\n<\/em><\/strong><\/p>\n<hr \/>\n<pre><strong>A.D.A.S.P <\/strong><strong>Association D\u00e9partementale d'Action Sociale <a href=\"http:\/\/www.unrp.com\/wp-content\/uploads\/2013\/10\/ADASP-91-Logo.png\"><img loading=\"lazy\" decoding=\"async\" class=\"wp-image-6524 alignright\" src=\"http:\/\/www.unrp.com\/wp-content\/uploads\/2013\/10\/ADASP-91-Logo-300x298.png\" sizes=\"auto, (max-width: 80px) 100vw, 80px\" srcset=\"http:\/\/www.unrp.com\/wp-content\/uploads\/2013\/10\/ADASP-91-Logo-300x298.png 300w, http:\/\/www.unrp.com\/wp-content\/uploads\/2013\/10\/ADASP-91-Logo-80x80.png 80w, http:\/\/www.unrp.com\/wp-content\/uploads\/2013\/10\/ADASP-91-Logo-36x36.png 36w, http:\/\/www.unrp.com\/wp-content\/uploads\/2013\/10\/ADASP-91-Logo-115x115.png 115w, http:\/\/www.unrp.com\/wp-content\/uploads\/2013\/10\/ADASP-91-Logo.png 370w\" alt=\"\" width=\"80\" height=\"79\" \/><\/a>\r\nde la Police du 91\r\n<\/strong><strong>8-14 rue du Docteur Vignes\r\n<\/strong><strong>91100 CORBEIL-ESSONNES\r\n<\/strong><strong>T\u00e9l. 01 60 89 89 00\u00a0\u00a0\u00a0\u00a0\u00a0    <a href=\"mailto:adasp91@wanadoo.fr\">adasp91@wanadoo.fr<\/a>\r\n<\/strong><\/pre>\n<hr \/>\n<pre><strong>U.N.S.A.<\/strong><img loading=\"lazy\" decoding=\"async\" class=\"alignright\" src=\"http:\/\/www.unrp.com\/wp-content\/uploads\/2014\/03\/logo-unsa-quadri-140-70.jpg\" alt=\"logo-unsa-quadri 140-70\" width=\"130\" height=\"60\" \/><strong>\r\n21 rue Jules Ferry\r\n93177 BAGNOLET CEDEX\r\nT\u00e9l. 01.48.18.88.00\r\nFax 01.48.18.88.99    <a href=\"mailto:unsa@unsa.org\">unsa@unsa.org<\/a>    <a href=\"http:\/\/www.unsa.org\/\" target=\"_blank\" rel=\"noopener noreferrer\">www.unsa.org<\/a><\/strong><\/pre>\n<hr \/>\n<pre><img loading=\"lazy\" decoding=\"async\" class=\"alignright\" src=\"http:\/\/www.unrp.com\/wp-content\/uploads\/2014\/03\/logo-unsa-140-70.jpg\" alt=\"logo-unsa 140-70\" width=\"130\" height=\"60\" \/><strong>U.N.S.A Police\r\n25 rue des Tannerie\r\n75013 PARIS\r\n<\/strong><strong>T\u00e9l. 01.43.40.64.27<\/strong>\r\n<strong>Fax 01.43.40.25.81   <a href=\"mailto:police@unsa.org\">police@unsa.org<\/a>  <\/strong><strong><a href=\"http:\/\/www.police.unsa.org\/\" target=\"_blank\" rel=\"noopener noreferrer\">www.police.unsa.org\r\n<\/a><\/strong><\/pre>\n<hr \/>\n<p><a href=\"http:\/\/www.unrp.com\/wp-content\/uploads\/2014\/03\/Logo-UNSA-Retrait\u00e9s-140-70.jpg\"><img loading=\"lazy\" decoding=\"async\" class=\"alignright\" src=\"http:\/\/www.unrp.com\/wp-content\/uploads\/2014\/03\/Logo-UNSA-Retrait\u00e9s-140-70.jpg\" alt=\"Logo UNSA Retrait\u00e9s 140-70\" width=\"130\" height=\"60\" \/><\/a><\/p>\n<pre><strong>U.N.S.A. Retrait\u00e9s\r\n<\/strong><strong>21 rue Jules Ferry\r\n<\/strong><strong>93177 BAGNOLET CEDEX\r\n<\/strong><strong>T\u00e9l. 01.48.18.88.62  <\/strong><strong><a href=\"mailto:unsa-retraites@unsa.org\">unsa-retraites@unsa.org<\/a> \u00a0<a href=\"http:\/\/www.unsa.org\/\" target=\"_blank\" rel=\"noopener noreferrer\">www.unsa.org\r\n<\/a><\/strong><\/pre>\n<hr \/>\n<pre><strong>A.A.C.R.M.I.\r\n<\/strong><strong>Association des Anciens Combattants et R\u00e9sistants du Minist\u00e8re de l'Int\u00e9rieur   \r\n<\/strong><strong>39 rue Blanche<a href=\"http:\/\/www.unrp.com\/wp-content\/uploads\/2013\/10\/AACRMI-Logo-e1580891668581.jpg\"><img loading=\"lazy\" decoding=\"async\" class=\"wp-image-6526 alignright\" src=\"http:\/\/www.unrp.com\/wp-content\/uploads\/2013\/10\/AACRMI-Logo-300x127.jpg\" alt=\"\" width=\"125\" height=\"53\" \/><\/a>\r\n<\/strong><strong>75009 PARIS\r\n<\/strong><strong>T\u00e9l. 01.47.63.00.03\r\n<\/strong><strong>Fax 01.47.63.02.33<\/strong><\/pre>\n<hr \/>\n<pre><strong>O.M.P.N. \/ ORPHEOPOLIS<\/strong>\r\n<strong>Orphelinat Mutualiste de la Police Nationale<img loading=\"lazy\" decoding=\"async\" class=\"alignright\" src=\"http:\/\/www.unrp.com\/wp-content\/uploads\/2014\/03\/logo-ompn-100-110.bmp\" alt=\"logo-ompn 100 -110\" width=\"70\" height=\"77\" \/><\/strong>\r\n<strong>44 rue roger Salengro\r\n94120 Fontenay sous Bois<\/strong>\r\n<strong>T\u00e9l. 01.49.74.22.22<\/strong>\r\n<strong>Fax 01.49.74.22.23             <a href=\"http:\/\/www.orpheopolis.fr\" target=\"_blank\" rel=\"noopener noreferrer\">www.orpheopolis.fr<\/a><\/strong><\/pre>\n<hr \/>\n<p><strong><a href=\"http:\/\/www.unrp.com\/wp-content\/uploads\/2014\/03\/logo-mgp140-70.bmp\"><img loading=\"lazy\" decoding=\"async\" class=\"alignright\" src=\"http:\/\/www.unrp.com\/wp-content\/uploads\/2014\/03\/logo-mgp140-70.bmp\" alt=\"logo-mgp140-70\" width=\"130\" height=\"60\" \/><\/a>M.G.P. <\/strong><\/p>\n<pre><strong>Mutuelle G\u00e9n\u00e9rale de la Police\r\n8 rue Thomas Edison\r\n94027 CRETEIL CEDEX\r\nT\u00e9l. 01.49.81.91.00\r\nFax  01.49.81.84.50            <\/strong><strong><a href=\"http:\/\/www.mgp.fr\/\" target=\"_blank\" rel=\"noopener noreferrer\">www.mgp.fr<\/a><\/strong><\/pre>\n<hr \/>\n<pre><strong><a href=\"http:\/\/www.unrp.com\/wp-content\/uploads\/2014\/03\/Logo-interiale-140-70.jpg\"><img loading=\"lazy\" decoding=\"async\" class=\"alignright\" src=\"http:\/\/www.unrp.com\/wp-content\/uploads\/2014\/03\/Logo-interiale-140-70.jpg\" alt=\"Logo interiale 140-70\" width=\"130\" height=\"60\" \/><\/a><\/strong><\/pre>\n<pre><strong>INTERIALE Mutuelle\r\n<\/strong><strong>32 Rue Blanche\r\n<\/strong><strong>75009 PARIS\r\n<\/strong><strong>T\u00e9l. 01.55.31.92.60            <\/strong><strong><a href=\"http:\/\/www.interiale.fr\/\" target=\"_blank\" rel=\"noopener noreferrer\">www.interiale.fr\r\n<\/a><\/strong><\/pre>\n<hr \/>\n<p><strong>BFM <img loading=\"lazy\" decoding=\"async\" class=\"wp-image-539 alignright\" src=\"http:\/\/unrp-seine-saint-denis.fr\/section\/wp-content\/uploads\/2020\/08\/BFM-300x229.jpg\" alt=\"\" width=\"95\" height=\"73\" \/><\/strong><\/p>\n<pre><strong>Banque Fran\u00e7aise Mutualiste\r\n1 place des Marseillais\r\n94227 CHARENTON-LE-PONT CEDEX\r\nT\u00e9l. 0 821 222 500             <a href=\"https:\/\/www.bfm.fr\/\" target=\"_blank\" rel=\"noopener noreferrer\">www.bfm.fr<\/a> <\/strong><\/pre>\n<hr \/>\n<pre><strong>FNAM <\/strong>(F\u00e9d\u00e9ration Nationale Andr\u00e9 Maginot)<strong>\r\n24bis Boulevard Saint-Germain, 75005 Paris<a href=\"http:\/\/www.unrp.com\/wp-content\/uploads\/2013\/10\/Logo-FNAM.jpg\"><img loading=\"lazy\" decoding=\"async\" class=\" wp-image-2103 alignright\" src=\"http:\/\/www.unrp.com\/wp-content\/uploads\/2013\/10\/Logo-FNAM-279x300.jpg\" sizes=\"auto, (max-width: 92px) 100vw, 92px\" srcset=\"http:\/\/www.unrp.com\/wp-content\/uploads\/2013\/10\/Logo-FNAM-279x300.jpg 279w, http:\/\/www.unrp.com\/wp-content\/uploads\/2013\/10\/Logo-FNAM.jpg 721w\" alt=\"\" width=\"92\" height=\"100\" \/><\/a>\r\n<\/strong><strong>T\u00e9l. : 01.40.46.71.40 - Fax : 01.40.46.71.41  \r\nCourriel\u00a0: fnam@maginot.asso.fr\r\n<\/strong><strong>Le Domaine de la Grande Garenne \r\n<\/strong><strong>La Grande Garenne - 18330 Neuvy-sur-Barangeon<\/strong>\r\n<strong>T\u00e9l. : 02.48.52.64.00 - Fax : 02.48.52.64.02\r\n<\/strong><strong>Courriel\u00a0: ggarenne@maginot.asso.fr\r\n<\/strong><\/pre>\n<hr \/>\n<pre><strong>RETRAITE PLUS<a href=\"http:\/\/www.unrp.com\/wp-content\/uploads\/2014\/03\/logo-Retraite-Plus-140-110.jpg\"><img loading=\"lazy\" decoding=\"async\" class=\"alignright\" src=\"http:\/\/www.unrp.com\/wp-content\/uploads\/2014\/03\/logo-Retraite-Plus-140-110.jpg\" alt=\"logo Retraite Plus 140-110\" width=\"96\" height=\"70\" \/><\/a>\r\nService Gratuit de Conseil\r\net d'Orientation \r\nen Maison de Retraite\r\nT\u00e9l. 0 805 690 376    <a href=\"http:\/\/www.retraiteplus.fr\/\" target=\"_blank\" rel=\"noopener noreferrer\">www.retraiteplus.fr<\/a><\/strong><\/pre>\n<hr \/>\n<pre><strong><a href=\"http:\/\/www.unrp.com\/wp-content\/uploads\/2014\/03\/Logo-Fram-140-70.jpg\"><img loading=\"lazy\" decoding=\"async\" class=\"alignright\" src=\"http:\/\/www.unrp.com\/wp-content\/uploads\/2014\/03\/Logo-Fram-140-70.jpg\" alt=\"Logo Fram 140-70\" width=\"108\" height=\"54\" \/><\/a>FRAM\r\nRenseignements et R\u00e9servation \r\npar T\u00e9l\u00e9phone Uniquement\r\nau 0 826 466 300           <\/strong><strong><a href=\"http:\/\/www.fram.fr\/\" target=\"_blank\" rel=\"noopener noreferrer\">www.fram.fr\r\n<\/a><\/strong><\/pre>\n<hr \/>\n<pre><strong>G.T.S. Mondiale Assistance France<\/strong><strong>\r\nTel.\u00a0: 0811.65.7000<img loading=\"lazy\" decoding=\"async\" class=\"wp-image-2116 alignright\" src=\"http:\/\/www.unrp.com\/wp-content\/uploads\/2013\/10\/mxcplogo-mondial-rond.png\" alt=\"mxcplogo-mondial-rond\" width=\"102\" height=\"47\" \/><\/strong>\r\n<strong>Site\u00a0: <a href=\"http:\/\/www.mondial-teleassistance.com\" target=\"_blank\" rel=\"noopener noreferrer\">www.mondial-teleassistance.com<\/a> <\/strong>\r\n<\/pre>\n<pre><strong>\u2013&gt;<\/strong> <strong>T\u00e9l\u00e9assistance \u2013&gt; Code Privil\u00e8ge\u00a0: UNRP<\/strong><\/pre>\n<hr \/>\n<pre><strong>Fondation Jean MOULIN<a href=\"http:\/\/www.unrp.com\/wp-content\/uploads\/2013\/10\/Logo-FJM.jpg\"><img loading=\"lazy\" decoding=\"async\" class=\" wp-image-2142 alignright\" src=\"http:\/\/www.unrp.com\/wp-content\/uploads\/2013\/10\/Logo-FJM.jpg\" alt=\"Logo FJM\" width=\"80\" height=\"53\" \/><\/a>\r\n<\/strong><strong>27 Rue Oudinot - 75007 PARIS\r\n<\/strong><strong>Tel.\u00a0: 01 40 07 60 60 \r\nSite\u00a0: <a href=\"http:\/\/www.fondationjeanmoulin.fr\" target=\"_blank\" rel=\"noopener noreferrer\">www.fondationjeanmoulin.fr\r\n<\/a><\/strong><\/pre>\n<hr \/>\n<pre><strong>G.M.F La Garantie Mutuelle des Fonctionnaires<\/strong>\r\n<strong>76 rue de Prony - 75017 PARIS<a href=\"http:\/\/www.unrp.com\/wp-content\/uploads\/2013\/10\/LOGOGMF_211108.jpg\"><img loading=\"lazy\" decoding=\"async\" class=\"wp-image-2159 alignright\" src=\"http:\/\/www.unrp.com\/wp-content\/uploads\/2013\/10\/LOGOGMF_211108-300x300.jpg\" sizes=\"auto, (max-width: 75px) 100vw, 75px\" srcset=\"http:\/\/www.unrp.com\/wp-content\/uploads\/2013\/10\/LOGOGMF_211108-300x300.jpg 300w, http:\/\/www.unrp.com\/wp-content\/uploads\/2013\/10\/LOGOGMF_211108-80x80.jpg 80w, http:\/\/www.unrp.com\/wp-content\/uploads\/2013\/10\/LOGOGMF_211108-36x36.jpg 36w, http:\/\/www.unrp.com\/wp-content\/uploads\/2013\/10\/LOGOGMF_211108-115x115.jpg 115w, http:\/\/www.unrp.com\/wp-content\/uploads\/2013\/10\/LOGOGMF_211108.jpg 472w\" alt=\"\" width=\"75\" height=\"75\" \/><\/a><\/strong>\r\n<strong>T\u00e9l. : 0 970 809 809 - Site : <a href=\"http:\/\/www.gmf.fr\" target=\"_blank\" rel=\"noopener noreferrer\">www.gmf.fr<\/a><\/strong>\r\n<strong>C\u00e9cile DULAS, Martine PEPIN<\/strong>\r\n<strong>Responsables P\u00f4le Int\u00e9rieur, Equipement et Colectivit\u00e9s Teritoriales\r\ncdulas@gmf.fr \/ mpepin@gmf.fr\r\n<\/strong><\/pre>\n<hr \/>\n<pre><strong>GOELIA <\/strong>\r\n<strong>Immeuble Le Sedaf <\/strong><strong>\r\n16, Rue Jacques Tati - Courcouronnes <\/strong>\r\n<strong>91042 EVRY Cedex<img loading=\"lazy\" decoding=\"async\" class=\" wp-image-3426 alignright\" src=\"http:\/\/www.unrp.com\/wp-content\/uploads\/2013\/10\/Logo-Goelia-1.png\" alt=\"Logo Goelia 1\" width=\"100\" height=\"36\" \/><\/strong>\r\n<strong>T\u00e9l. 01 60 76 59 00 - Site : <a href=\"http:\/\/www.goelia.com\/\" target=\"_blank\" rel=\"noopener noreferrer\">www.goelia.com<\/a><\/strong>\r\nE-mail : info@goelia.com\u00a0\r\n<\/pre>\n<hr \/>\n<pre><strong>NEMEA <img loading=\"lazy\" decoding=\"async\" class=\"alignright wp-image-3786\" src=\"http:\/\/www.unrp.com\/wp-content\/uploads\/2013\/10\/NEMEA-LOGO1.jpg\" alt=\"NEMEA LOGO\" width=\"87\" height=\"58\" \/><\/strong>\r\n<strong>R\u00e9sidence vacances<\/strong>\r\n<strong>T\u00e9l. 05 57 26 99 31 - \r\nSite :<\/strong> <strong><a href=\"http:\/\/www.residence-nemea.com\" target=\"_blank\" rel=\"noopener noreferrer\">www.residence-nemea.com<\/a>  <\/strong>\r\n<\/pre>\n<hr \/>\n<p>&nbsp;<\/p>\n<pre><\/pre>\n<\/form>\n<\/div>\n","protected":false},"excerpt":{"rendered":"<p>A.N.A.S. Association Nationale d\u2019Action Sociale18 Quai de Polangis BP 81 94340 \u00a0JOINVILLE -LE-PONT CEDEX Tel.\u00a001 48 86 37 81 Fax 01 48 86 10 89&#46;&#46;&#46;<\/p>\n","protected":false},"author":1,"featured_media":0,"parent":0,"menu_order":4,"comment_status":"closed","ping_status":"closed","template":"","meta":{"footnotes":""},"class_list":["post-64","page","type-page","status-publish","hentry"],"yoast_head":"<!-- This site is optimized with the Yoast SEO plugin v22.9 - https:\/\/yoast.com\/wordpress\/plugins\/seo\/ -->\n<title>PARTENAIRES - Site de la Seine Saint-Denis<\/title>\n<meta name=\"robots\" content=\"index, follow, max-snippet:-1, max-image-preview:large, max-video-preview:-1\" \/>\n<link rel=\"canonical\" href=\"https:\/\/unrp-seine-saint-denis.fr\/section\/partenaires\/\" \/>\n<meta property=\"og:locale\" content=\"fr_FR\" \/>\n<meta property=\"og:type\" content=\"article\" \/>\n<meta property=\"og:title\" content=\"PARTENAIRES - Site de la Seine Saint-Denis\" \/>\n<meta property=\"og:description\" content=\"A.N.A.S. Association Nationale d\u2019Action Sociale18 Quai de Polangis BP 81 94340 \u00a0JOINVILLE -LE-PONT CEDEX Tel.\u00a001 48 86 37 81 Fax 01 48 86 10 89&#046;&#046;&#046;\" \/>\n<meta property=\"og:url\" content=\"https:\/\/unrp-seine-saint-denis.fr\/section\/partenaires\/\" \/>\n<meta property=\"og:site_name\" content=\"Site de la Seine Saint-Denis\" \/>\n<meta property=\"article:modified_time\" content=\"2021-05-11T15:42:55+00:00\" \/>\n<meta property=\"og:image\" content=\"http:\/\/www.unrp.com\/wp-content\/uploads\/2013\/10\/LOGO-ANAS.jpg\" \/>\n<meta name=\"twitter:card\" content=\"summary_large_image\" \/>\n<meta name=\"twitter:label1\" content=\"Dur\u00e9e de lecture estim\u00e9e\" \/>\n\t<meta name=\"twitter:data1\" content=\"2 minutes\" \/>\n<script type=\"application\/ld+json\" class=\"yoast-schema-graph\">{\"@context\":\"https:\/\/schema.org\",\"@graph\":[{\"@type\":\"WebPage\",\"@id\":\"https:\/\/unrp-seine-saint-denis.fr\/section\/partenaires\/\",\"url\":\"https:\/\/unrp-seine-saint-denis.fr\/section\/partenaires\/\",\"name\":\"PARTENAIRES - Site de la Seine Saint-Denis\",\"isPartOf\":{\"@id\":\"https:\/\/unrp-seine-saint-denis.fr\/section\/#website\"},\"primaryImageOfPage\":{\"@id\":\"https:\/\/unrp-seine-saint-denis.fr\/section\/partenaires\/#primaryimage\"},\"image\":{\"@id\":\"https:\/\/unrp-seine-saint-denis.fr\/section\/partenaires\/#primaryimage\"},\"thumbnailUrl\":\"http:\/\/www.unrp.com\/wp-content\/uploads\/2013\/10\/LOGO-ANAS.jpg\",\"datePublished\":\"2020-04-13T11:50:41+00:00\",\"dateModified\":\"2021-05-11T15:42:55+00:00\",\"breadcrumb\":{\"@id\":\"https:\/\/unrp-seine-saint-denis.fr\/section\/partenaires\/#breadcrumb\"},\"inLanguage\":\"fr-FR\",\"potentialAction\":[{\"@type\":\"ReadAction\",\"target\":[\"https:\/\/unrp-seine-saint-denis.fr\/section\/partenaires\/\"]}]},{\"@type\":\"ImageObject\",\"inLanguage\":\"fr-FR\",\"@id\":\"https:\/\/unrp-seine-saint-denis.fr\/section\/partenaires\/#primaryimage\",\"url\":\"http:\/\/www.unrp.com\/wp-content\/uploads\/2013\/10\/LOGO-ANAS.jpg\",\"contentUrl\":\"http:\/\/www.unrp.com\/wp-content\/uploads\/2013\/10\/LOGO-ANAS.jpg\"},{\"@type\":\"BreadcrumbList\",\"@id\":\"https:\/\/unrp-seine-saint-denis.fr\/section\/partenaires\/#breadcrumb\",\"itemListElement\":[{\"@type\":\"ListItem\",\"position\":1,\"name\":\"Accueil\",\"item\":\"https:\/\/unrp-seine-saint-denis.fr\/section\/\"},{\"@type\":\"ListItem\",\"position\":2,\"name\":\"PARTENAIRES\"}]},{\"@type\":\"WebSite\",\"@id\":\"https:\/\/unrp-seine-saint-denis.fr\/section\/#website\",\"url\":\"https:\/\/unrp-seine-saint-denis.fr\/section\/\",\"name\":\"Site de la Seine Saint-Denis\",\"description\":\"Toujours plus haut, toujours plus fort.\",\"potentialAction\":[{\"@type\":\"SearchAction\",\"target\":{\"@type\":\"EntryPoint\",\"urlTemplate\":\"https:\/\/unrp-seine-saint-denis.fr\/section\/?s={search_term_string}\"},\"query-input\":\"required name=search_term_string\"}],\"inLanguage\":\"fr-FR\"}]}<\/script>\n<!-- \/ Yoast SEO plugin. -->","yoast_head_json":{"title":"PARTENAIRES - Site de la Seine Saint-Denis","robots":{"index":"index","follow":"follow","max-snippet":"max-snippet:-1","max-image-preview":"max-image-preview:large","max-video-preview":"max-video-preview:-1"},"canonical":"https:\/\/unrp-seine-saint-denis.fr\/section\/partenaires\/","og_locale":"fr_FR","og_type":"article","og_title":"PARTENAIRES - Site de la Seine Saint-Denis","og_description":"A.N.A.S. Association Nationale d\u2019Action Sociale18 Quai de Polangis BP 81 94340 \u00a0JOINVILLE -LE-PONT CEDEX Tel.\u00a001 48 86 37 81 Fax 01 48 86 10 89&#46;&#46;&#46;","og_url":"https:\/\/unrp-seine-saint-denis.fr\/section\/partenaires\/","og_site_name":"Site de la Seine Saint-Denis","article_modified_time":"2021-05-11T15:42:55+00:00","og_image":[{"url":"http:\/\/www.unrp.com\/wp-content\/uploads\/2013\/10\/LOGO-ANAS.jpg"}],"twitter_card":"summary_large_image","twitter_misc":{"Dur\u00e9e de lecture estim\u00e9e":"2 minutes"},"schema":{"@context":"https:\/\/schema.org","@graph":[{"@type":"WebPage","@id":"https:\/\/unrp-seine-saint-denis.fr\/section\/partenaires\/","url":"https:\/\/unrp-seine-saint-denis.fr\/section\/partenaires\/","name":"PARTENAIRES - Site de la Seine Saint-Denis","isPartOf":{"@id":"https:\/\/unrp-seine-saint-denis.fr\/section\/#website"},"primaryImageOfPage":{"@id":"https:\/\/unrp-seine-saint-denis.fr\/section\/partenaires\/#primaryimage"},"image":{"@id":"https:\/\/unrp-seine-saint-denis.fr\/section\/partenaires\/#primaryimage"},"thumbnailUrl":"http:\/\/www.unrp.com\/wp-content\/uploads\/2013\/10\/LOGO-ANAS.jpg","datePublished":"2020-04-13T11:50:41+00:00","dateModified":"2021-05-11T15:42:55+00:00","breadcrumb":{"@id":"https:\/\/unrp-seine-saint-denis.fr\/section\/partenaires\/#breadcrumb"},"inLanguage":"fr-FR","potentialAction":[{"@type":"ReadAction","target":["https:\/\/unrp-seine-saint-denis.fr\/section\/partenaires\/"]}]},{"@type":"ImageObject","inLanguage":"fr-FR","@id":"https:\/\/unrp-seine-saint-denis.fr\/section\/partenaires\/#primaryimage","url":"http:\/\/www.unrp.com\/wp-content\/uploads\/2013\/10\/LOGO-ANAS.jpg","contentUrl":"http:\/\/www.unrp.com\/wp-content\/uploads\/2013\/10\/LOGO-ANAS.jpg"},{"@type":"BreadcrumbList","@id":"https:\/\/unrp-seine-saint-denis.fr\/section\/partenaires\/#breadcrumb","itemListElement":[{"@type":"ListItem","position":1,"name":"Accueil","item":"https:\/\/unrp-seine-saint-denis.fr\/section\/"},{"@type":"ListItem","position":2,"name":"PARTENAIRES"}]},{"@type":"WebSite","@id":"https:\/\/unrp-seine-saint-denis.fr\/section\/#website","url":"https:\/\/unrp-seine-saint-denis.fr\/section\/","name":"Site de la Seine Saint-Denis","description":"Toujours plus haut, toujours plus fort.","potentialAction":[{"@type":"SearchAction","target":{"@type":"EntryPoint","urlTemplate":"https:\/\/unrp-seine-saint-denis.fr\/section\/?s={search_term_string}"},"query-input":"required name=search_term_string"}],"inLanguage":"fr-FR"}]}},"_links":{"self":[{"href":"https:\/\/unrp-seine-saint-denis.fr\/section\/wp-json\/wp\/v2\/pages\/64","targetHints":{"allow":["GET"]}}],"collection":[{"href":"https:\/\/unrp-seine-saint-denis.fr\/section\/wp-json\/wp\/v2\/pages"}],"about":[{"href":"https:\/\/unrp-seine-saint-denis.fr\/section\/wp-json\/wp\/v2\/types\/page"}],"author":[{"embeddable":true,"href":"https:\/\/unrp-seine-saint-denis.fr\/section\/wp-json\/wp\/v2\/users\/1"}],"replies":[{"embeddable":true,"href":"https:\/\/unrp-seine-saint-denis.fr\/section\/wp-json\/wp\/v2\/comments?post=64"}],"version-history":[{"count":6,"href":"https:\/\/unrp-seine-saint-denis.fr\/section\/wp-json\/wp\/v2\/pages\/64\/revisions"}],"predecessor-version":[{"id":540,"href":"https:\/\/unrp-seine-saint-denis.fr\/section\/wp-json\/wp\/v2\/pages\/64\/revisions\/540"}],"wp:attachment":[{"href":"https:\/\/unrp-seine-saint-denis.fr\/section\/wp-json\/wp\/v2\/media?parent=64"}],"curies":[{"name":"wp","href":"https:\/\/api.w.org\/{rel}","templated":true}]}}